{"version":"1.0","provider_name":"Kommunikationsbyr\u00e5 Stockholm | Vero Kommunikation AB","provider_url":"https:\/\/vero.se\/en\/","title":"ESEF - Kommunikationsbyr\u00e5 Stockholm | Vero Kommunikation AB","type":"rich","width":600,"height":338,"html":"<blockquote class=\"wp-embedded-content\" data-secret=\"CYiLxENG3b\"><a href=\"https:\/\/vero.se\/en\/esef\/\">ESEF<\/a><\/blockquote><iframe sandbox=\"allow-scripts\" security=\"restricted\" src=\"https:\/\/vero.se\/en\/esef\/embed\/#?secret=CYiLxENG3b\" width=\"600\" height=\"338\" title=\"&#8220;ESEF&#8221; &#8212; Kommunikationsbyr\u00e5 Stockholm | Vero Kommunikation AB\" data-secret=\"CYiLxENG3b\" frameborder=\"0\" marginwidth=\"0\" marginheight=\"0\" scrolling=\"no\" class=\"wp-embedded-content\"><\/iframe><script>\n\/*! This file is auto-generated *\/\n!function(d,l){\"use strict\";l.querySelector&&d.addEventListener&&\"undefined\"!=typeof URL&&(d.wp=d.wp||{},d.wp.receiveEmbedMessage||(d.wp.receiveEmbedMessage=function(e){var t=e.data;if((t||t.secret||t.message||t.value)&&!\/[^a-zA-Z0-9]\/.test(t.secret)){for(var s,r,n,a=l.querySelectorAll('iframe[data-secret=\"'+t.secret+'\"]'),o=l.querySelectorAll('blockquote[data-secret=\"'+t.secret+'\"]'),c=new RegExp(\"^https?:$\",\"i\"),i=0;i<o.length;i++)o[i].style.display=\"none\";for(i=0;i<a.length;i++)s=a[i],e.source===s.contentWindow&&(s.removeAttribute(\"style\"),\"height\"===t.message?(1e3<(r=parseInt(t.value,10))?r=1e3:~~r<200&&(r=200),s.height=r):\"link\"===t.message&&(r=new URL(s.getAttribute(\"src\")),n=new URL(t.value),c.test(n.protocol))&&n.host===r.host&&l.activeElement===s&&(d.top.location.href=t.value))}},d.addEventListener(\"message\",d.wp.receiveEmbedMessage,!1),l.addEventListener(\"DOMContentLoaded\",function(){for(var e,t,s=l.querySelectorAll(\"iframe.wp-embedded-content\"),r=0;r<s.length;r++)(t=(e=s[r]).getAttribute(\"data-secret\"))||(t=Math.random().toString(36).substring(2,12),e.src+=\"#?secret=\"+t,e.setAttribute(\"data-secret\",t)),e.contentWindow.postMessage({message:\"ready\",secret:t},\"*\")},!1)))}(window,document);\n\/\/# sourceURL=https:\/\/vero.se\/wp-includes\/js\/wp-embed.min.js\n<\/script>","description":"Dags att planera f\u00f6r \u00e5rsredovisning i\u00a0ESEF-format. I teorin&#8230; Krav fr\u00e5n den 1 januari 2020 och g\u00e4ller den f\u00f6rsta \u00e5rsredovisningen d\u00e4refter. Ber\u00f6r alla bolag p\u00e5 reglerade marknader. Syftet \u00e4r att underl\u00e4tta tillg\u00e4nglighet, analys och j\u00e4mf\u00f6rbarhet av \u00e5rliga finansiella rapporter inom EU. Dokumentet blir b\u00e5de maskinl\u00e4sbart och l\u00e4sbart p\u00e5 vanligt s\u00e4tt. Planera och utg\u00e5 fr\u00e5n 2019 \u00e5rs [&hellip;]","thumbnail_url":"https:\/\/vero.se\/wp-content\/uploads\/2019\/09\/Vero_logotyp_vit.png"}